{"id":4272,"date":"2013-06-13T12:43:24","date_gmt":"2013-06-13T10:43:24","guid":{"rendered":"https:\/\/nestwaerme.li\/?page_id=4272"},"modified":"2021-01-10T18:46:44","modified_gmt":"2021-01-10T16:46:44","slug":"baby-wraps-overview","status":"publish","type":"page","link":"https:\/\/nestwaerme.li\/en\/baby-wraps-overview\/","title":{"rendered":"baby wraps overview"},"content":{"rendered":"<p>There are\u00a0<a href=\"https:\/\/nestwaerme.li\/en\/machine-woven\/\" target=\"_blank\" rel=\"noopener\"><em>machine woven\u00a0<\/em><\/a>baby wraps, <a href=\"https:\/\/nestwaerme.li\/en\/handwoven\/\" target=\"_blank\" rel=\"noopener\">handwovens<\/a> as well as\u00a0<a href=\"https:\/\/nestwaerme.li\/en\/stretchy-wraps\/\" target=\"_blank\" rel=\"noopener\"><em>stretchy<\/em> <\/a>baby wraps. Each brand has its specialities and due to different blends also baby wraps from the same brand differ from each other, not also concerning the design but also their touch and feel, their weight and density etc.<\/p>\n<p>Stretchy wovens are fine for the first time of babywearing with a newborn because they feel like a second skin but with the growing weight of the baby they tend to slide down so you feel the need to rearrange the wrap constantly &#8211; time to switch to a woven baby wrap.<\/p>\n<h3><strong>Machine woven wraps<\/strong><\/h3>\n\n<table id=\"tablepress-1\" class=\"tablepress tablepress-id-1\">\n<tbody class=\"row-hover\">\n<tr class=\"row-1\">\n\t<td class=\"column-1\"><a href=\"https:\/\/referral.shop.artipoppe.com\/l\/1TAMARABECK92\/\" rel=\"nofollow noopener\" target=\"_blank\"><img decoding=\"async\" src=\"https:\/\/nestwaerme.li\/wp-content\/uploads\/2013\/06\/Artipoppe_Logo-150x150.png\" alt=\"\" width=\"150\" height=\"150\" class=\"alignleft size-thumbnail wp-image-87\" srcset=\"https:\/\/nestwaerme.li\/wp-content\/uploads\/2013\/06\/Artipoppe_Logo-150x150.png 150w, https:\/\/nestwaerme.li\/wp-content\/uploads\/2013\/06\/Artipoppe_Logo-140x140.png 140w, https:\/\/nestwaerme.li\/wp-content\/uploads\/2013\/06\/Artipoppe_Logo.png 160w\" sizes=\"(max-width: 150px) 100vw, 150px\" \/><\/a><\/td><td class=\"column-2\">Artipoppe ist die Luxusmarke unter Traget\u00fcchern. Die Firma wurde 2012 in den Niederlanden gegr\u00fcndet. Die T\u00fccher erscheinen in kleinen Auflagen und wurden eine Zeit lang stark gehypt.<\/td><td class=\"column-3\"><a href=\"https:\/\/nestwaerme.li\/wp-content\/uploads\/2013\/06\/Artipoppe_TF.jpg\"><img decoding=\"async\" src=\"https:\/\/nestwaerme.li\/wp-content\/uploads\/2013\/06\/Artipoppe_TF-150x150.jpg\" alt=\"\" width=\"150\" height=\"150\" class=\"alignleft size-thumbnail wp-image-88\" srcset=\"https:\/\/nestwaerme.li\/wp-content\/uploads\/2013\/06\/Artipoppe_TF-150x150.jpg 150w, https:\/\/nestwaerme.li\/wp-content\/uploads\/2013\/06\/Artipoppe_TF-140x140.jpg 140w\" sizes=\"(max-width: 150px) 100vw, 150px\" \/><\/a><\/td>\n<\/tr>\n<tr class=\"row-2\">\n\t<td class=\"column-1\"><a href=\"http:\/\/www.babylonia.eu\" rel=\"nofollow noopener\" target=\"_blank\"><img decoding=\"async\" src=\"https:\/\/nestwaerme.li\/wp-content\/uploads\/2013\/06\/babylonia-150x150.jpg\" alt=\"\" width=\"150\" height=\"150\" class=\"alignleft size-thumbnail wp-image-112\" srcset=\"https:\/\/nestwaerme.li\/wp-content\/uploads\/2013\/06\/babylonia-150x150.jpg 150w, https:\/\/nestwaerme.li\/wp-content\/uploads\/2013\/06\/babylonia-140x140.jpg 140w, https:\/\/nestwaerme.li\/wp-content\/uploads\/2013\/06\/babylonia.jpg 230w\" sizes=\"(max-width: 150px) 100vw, 150px\" \/><\/a><\/td><td class=\"column-2\">Babylonia ist eine g\u00fcnstige Tragetuch-Marke, die sch\u00f6ne Muster anbietet. Es gibt sowohl elastische als auch gewebte T\u00fccher. Erh\u00e4ltlich sind sie z.B. \u00fcber amazon.<\/td><td class=\"column-3\"><a href=\"https:\/\/nestwaerme.li\/wp-content\/uploads\/2013\/06\/babylonia_TF.jpg\"><img loading=\"lazy\" decoding=\"async\" src=\"https:\/\/nestwaerme.li\/wp-content\/uploads\/2013\/06\/babylonia_TF-150x150.jpg\" alt=\"\" width=\"150\" height=\"150\" class=\"alignleft size-thumbnail wp-image-89\" srcset=\"https:\/\/nestwaerme.li\/wp-content\/uploads\/2013\/06\/babylonia_TF-150x150.jpg 150w, https:\/\/nestwaerme.li\/wp-content\/uploads\/2013\/06\/babylonia_TF-140x140.jpg 140w\" sizes=\"(max-width: 150px) 100vw, 150px\" \/><\/a><\/td>\n<\/tr>\n<tr class=\"row-3\">\n\t<td class=\"column-1\"><a href=\"http:\/\/www.didymos.de\" rel=\"nofollow noopener\" target=\"_blank\"><img loading=\"lazy\" decoding=\"async\" src=\"https:\/\/nestwaerme.li\/wp-content\/uploads\/2013\/06\/Didymos_Logo-150x150.png\" alt=\"\" width=\"150\" height=\"150\" class=\"alignleft size-thumbnail wp-image-94\" \/><\/a><\/td><td class=\"column-2\"><a href=\"https:\/\/nestwaerme.li\/didymos\/\" rel=\"noopener noreferrer\" target=\"_blank\">Didymos <\/a> ist eine der ersten und bekanntesten Tragetuch-Marken. Das deutsche Unternehmen verf\u00fcgt sowohl \u00fcber ein grosses Standard-Sortiment als auch regelm\u00e4ssig \u00fcber begehrte Sondermodelle. Die Qualit\u00e4t der T\u00fccher ist einwandfrei.<\/td><td class=\"column-3\"><a href=\"https:\/\/nestwaerme.li\/wp-content\/uploads\/2013\/06\/Didymos_TF.jpg\"><img loading=\"lazy\" decoding=\"async\" src=\"https:\/\/nestwaerme.li\/wp-content\/uploads\/2013\/06\/Didymos_TF-150x150.jpg\" alt=\"\" width=\"150\" height=\"150\" class=\"alignleft size-thumbnail wp-image-93\" srcset=\"https:\/\/nestwaerme.li\/wp-content\/uploads\/2013\/06\/Didymos_TF-150x150.jpg 150w, https:\/\/nestwaerme.li\/wp-content\/uploads\/2013\/06\/Didymos_TF-140x140.jpg 140w, https:\/\/nestwaerme.li\/wp-content\/uploads\/2013\/06\/Didymos_TF.jpg 300w\" sizes=\"(max-width: 150px) 100vw, 150px\" \/><\/a><\/td>\n<\/tr>\n<tr class=\"row-4\">\n\t<td class=\"column-1\"><a href=\"http:\/\/www.dolcino.ch\" rel=\"nofollow noopener\" target=\"_blank\"><img loading=\"lazy\" decoding=\"async\" src=\"https:\/\/nestwaerme.li\/wp-content\/uploads\/2013\/06\/Dolcino_Logo-119x150.jpg\" alt=\"\" width=\"119\" height=\"150\" class=\"alignleft size-thumbnail wp-image-137\" srcset=\"https:\/\/nestwaerme.li\/wp-content\/uploads\/2013\/06\/Dolcino_Logo-119x150.jpg 119w, https:\/\/nestwaerme.li\/wp-content\/uploads\/2013\/06\/Dolcino_Logo-239x300.jpg 239w, https:\/\/nestwaerme.li\/wp-content\/uploads\/2013\/06\/Dolcino_Logo.jpg 331w\" sizes=\"(max-width: 119px) 100vw, 119px\" \/><\/a><\/td><td class=\"column-2\">Dolcino ist ein Schweizer Unternehmen, das diverse Artikel f\u00fcr Kinder und Eltern anbietet, darunter auch ein eigenes Tragetuch, das in diversen Streifenmustern erh\u00e4ltlich ist.<\/td><td class=\"column-3\"><a href=\"https:\/\/nestwaerme.li\/wp-content\/uploads\/2013\/06\/Dolcino_TF.jpg\"><img loading=\"lazy\" decoding=\"async\" src=\"https:\/\/nestwaerme.li\/wp-content\/uploads\/2013\/06\/Dolcino_TF-112x150.jpg\" alt=\"\" width=\"112\" height=\"150\" class=\"alignleft size-thumbnail wp-image-138\" srcset=\"https:\/\/nestwaerme.li\/wp-content\/uploads\/2013\/06\/Dolcino_TF-112x150.jpg 112w, https:\/\/nestwaerme.li\/wp-content\/uploads\/2013\/06\/Dolcino_TF-224x300.jpg 224w, https:\/\/nestwaerme.li\/wp-content\/uploads\/2013\/06\/Dolcino_TF.jpg 336w\" sizes=\"(max-width: 112px) 100vw, 112px\" \/><\/a><\/td>\n<\/tr>\n<tr class=\"row-5\">\n\t<td class=\"column-1\"><a href=\"http:\/\/www.ellevill.com\" rel=\"nofollow noopener\" target=\"_blank\"><img loading=\"lazy\" decoding=\"async\" src=\"https:\/\/nestwaerme.li\/wp-content\/uploads\/2013\/06\/Ellevill_Logo-150x19.png\" alt=\"\" width=\"150\" height=\"19\" class=\"alignleft size-thumbnail wp-image-139\" srcset=\"https:\/\/nestwaerme.li\/wp-content\/uploads\/2013\/06\/Ellevill_Logo-150x19.png 150w, https:\/\/nestwaerme.li\/wp-content\/uploads\/2013\/06\/Ellevill_Logo-300x38.png 300w, https:\/\/nestwaerme.li\/wp-content\/uploads\/2013\/06\/Ellevill_Logo.png 920w\" sizes=\"(max-width: 150px) 100vw, 150px\" \/><\/a><\/td><td class=\"column-2\">Ellevill-Traget\u00fccher haben ihre Heimat in Norwegen. Sie bieten ein gutes Preis-\/Leistungsverh\u00e4ltnis und sind in sch\u00f6nen Farben und Mustern erh\u00e4ltlich. <\/td><td class=\"column-3\"><a href=\"https:\/\/nestwaerme.li\/wp-content\/uploads\/2013\/06\/Ellevill_TF.jpg\"><img loading=\"lazy\" decoding=\"async\" src=\"https:\/\/nestwaerme.li\/wp-content\/uploads\/2013\/06\/Ellevill_TF-150x100.jpg\" alt=\"\" width=\"150\" height=\"100\" class=\"alignleft size-thumbnail wp-image-140\" srcset=\"https:\/\/nestwaerme.li\/wp-content\/uploads\/2013\/06\/Ellevill_TF-150x100.jpg 150w, https:\/\/nestwaerme.li\/wp-content\/uploads\/2013\/06\/Ellevill_TF-300x200.jpg 300w, https:\/\/nestwaerme.li\/wp-content\/uploads\/2013\/06\/Ellevill_TF.jpg 960w\" sizes=\"(max-width: 150px) 100vw, 150px\" \/><\/a><\/td>\n<\/tr>\n<tr class=\"row-6\">\n\t<td class=\"column-1\"><a href=\"http:\/\/www.girasol.de\" rel=\"nofollow noopener\" target=\"_blank\"><img loading=\"lazy\" decoding=\"async\" src=\"https:\/\/nestwaerme.li\/wp-content\/uploads\/2013\/06\/Girasol_Logo-150x150.gif\" alt=\"\" width=\"150\" height=\"150\" class=\"alignleft size-thumbnail wp-image-143\" srcset=\"https:\/\/nestwaerme.li\/wp-content\/uploads\/2013\/06\/Girasol_Logo-150x150.gif 150w, https:\/\/nestwaerme.li\/wp-content\/uploads\/2013\/06\/Girasol_Logo-140x140.gif 140w\" sizes=\"(max-width: 150px) 100vw, 150px\" \/><\/a><\/td><td class=\"column-2\">Die T\u00fccher von Girasol werden in Kreuz- oder Diamantk\u00f6rper gewebt; es gibt sie in uni oder in den diversesten Streifenmustern. Die Sondermodelle sind zum Teil nochmals mit verschiedenen \"Sch\u00fcssen\" erh\u00e4ltlich, was die Farben nochmals beeinflusst. Die T\u00fccher werden in Guatemala hergestellt. Von Girasol stammt auch der \"MySol\", eine dem klassischen Mei Tai \u00e4hnelnder Tragehilfe.<\/td><td class=\"column-3\"><a href=\"https:\/\/nestwaerme.li\/wp-content\/uploads\/2013\/06\/Girasol_TF.jpg\"><img loading=\"lazy\" decoding=\"async\" src=\"https:\/\/nestwaerme.li\/wp-content\/uploads\/2013\/06\/Girasol_TF-150x106.jpg\" alt=\"\" width=\"150\" height=\"106\" class=\"alignleft size-thumbnail wp-image-144\" srcset=\"https:\/\/nestwaerme.li\/wp-content\/uploads\/2013\/06\/Girasol_TF-150x106.jpg 150w, https:\/\/nestwaerme.li\/wp-content\/uploads\/2013\/06\/Girasol_TF-300x212.jpg 300w, https:\/\/nestwaerme.li\/wp-content\/uploads\/2013\/06\/Girasol_TF.jpg 600w\" sizes=\"(max-width: 150px) 100vw, 150px\" \/><\/a><\/td>\n<\/tr>\n<tr class=\"row-7\">\n\t<td class=\"column-1\"><a href=\"https:\/\/t.adcell.com\/click.php?bid=230215-93894&amp;param0=https%3A%2F%2Fhoppediz.de%2Fbabytragen%2Fprimeo-babytrage\" target=\"_blank\" rel=\"noopener\"><img loading=\"lazy\" decoding=\"async\" src=\"https:\/\/nestwaerme.li\/wp-content\/uploads\/2022\/09\/hoppediz_banner-logo-120x60-1.jpg\" alt=\"Hoppediz Logo\" width=\"120\" height=\"60\" class=\"alignleft size-full wp-image-9342\" \/><\/a><\/td><td class=\"column-2\"><a href=\"https:\/\/nestwaerme.li\/en\/hoppediz\/\" rel=\"noopener noreferrer\" target=\"_blank\">Hoppediz <\/a> ist ein deutscher Hersteller von Traget\u00fcchern, sch\u00f6nen Tragecovern, Fleeceanz\u00fcgen und mehr. Die Produkte sind z.B. im Purzelb\u00e4r in Rankweil erh\u00e4ltlich. Die T\u00fccher sind uni oder mit Streifen.<\/td><td class=\"column-3\"><a href=\"https:\/\/t.adcell.com\/click.php?bid=230215-93894&amp;param0=https%3A%2F%2Fhoppediz.de%2Fbabytragen%2Fprimeo-babytrage\" target=\"_blank\" rel=\"noopener\"><img loading=\"lazy\" decoding=\"async\" src=\"https:\/\/nestwaerme.li\/wp-content\/uploads\/2013\/06\/Hoppediez_TF-150x150.jpg\" alt=\"\" width=\"150\" height=\"150\" class=\"alignleft size-thumbnail wp-image-147\" srcset=\"https:\/\/nestwaerme.li\/wp-content\/uploads\/2013\/06\/Hoppediez_TF-150x150.jpg 150w, https:\/\/nestwaerme.li\/wp-content\/uploads\/2013\/06\/Hoppediez_TF-300x300.jpg 300w, https:\/\/nestwaerme.li\/wp-content\/uploads\/2013\/06\/Hoppediez_TF-140x140.jpg 140w, https:\/\/nestwaerme.li\/wp-content\/uploads\/2013\/06\/Hoppediez_TF.jpg 800w\" sizes=\"(max-width: 150px) 100vw, 150px\" \/><\/a><\/td>\n<\/tr>\n<tr class=\"row-8\">\n\t<td class=\"column-1\"><a href=\"http:\/\/www.kokadi.de\" rel=\"nofollow noopener\" target=\"_blank\"><img loading=\"lazy\" decoding=\"async\" src=\"https:\/\/nestwaerme.li\/wp-content\/uploads\/2013\/06\/kokadi_Logo-150x150.jpg\" alt=\"\" width=\"150\" height=\"150\" class=\"alignleft size-thumbnail wp-image-149\" srcset=\"https:\/\/nestwaerme.li\/wp-content\/uploads\/2013\/06\/kokadi_Logo-150x150.jpg 150w, https:\/\/nestwaerme.li\/wp-content\/uploads\/2013\/06\/kokadi_Logo-300x300.jpg 300w, https:\/\/nestwaerme.li\/wp-content\/uploads\/2013\/06\/kokadi_Logo-140x140.jpg 140w, https:\/\/nestwaerme.li\/wp-content\/uploads\/2013\/06\/kokadi_Logo.jpg 960w\" sizes=\"(max-width: 150px) 100vw, 150px\" \/><\/a><\/td><td class=\"column-2\"><a href=\"https:\/\/nestwaerme.li\/en\/kokadi-wraptai\/\" rel=\"noopener noreferrer\" target=\"_blank\">Kokadi <\/a>ist ein Star unter den Tragetuchmarken. Einerseits aufgrund des beliebten Sternen-Motivs, das in verschiedensten Farben gewoben wurde und wird, andererseits aufgrund der anderen, modischen und bunten Motive, die Laune aufs Tragen machen. Die T\u00fccher des deutschen Herstellers sind meist sehr schnell ausverkauft, da nur in geringer St\u00fcckzahl gewoben. <\/td><td class=\"column-3\"><a href=\"https:\/\/nestwaerme.li\/wp-content\/uploads\/2013\/06\/kokadi_TF.jpg\"><img loading=\"lazy\" decoding=\"async\" src=\"https:\/\/nestwaerme.li\/wp-content\/uploads\/2013\/06\/kokadi_TF-150x100.jpg\" alt=\"\" width=\"150\" height=\"100\" class=\"alignleft size-thumbnail wp-image-150\" srcset=\"https:\/\/nestwaerme.li\/wp-content\/uploads\/2013\/06\/kokadi_TF-150x100.jpg 150w, https:\/\/nestwaerme.li\/wp-content\/uploads\/2013\/06\/kokadi_TF-300x200.jpg 300w, https:\/\/nestwaerme.li\/wp-content\/uploads\/2013\/06\/kokadi_TF.jpg 810w\" sizes=\"(max-width: 150px) 100vw, 150px\" \/><\/a><\/td>\n<\/tr>\n<tr class=\"row-9\">\n\t<td class=\"column-1\"><a href=\"https:\/\/de.natibaby.com\/\" rel=\"nofollow noopener\" target=\"_blank\"><img loading=\"lazy\" decoding=\"async\" src=\"https:\/\/nestwaerme.li\/wp-content\/uploads\/2013\/06\/Natibaby_Logo-150x150.jpg\" alt=\"\" width=\"150\" height=\"150\" class=\"alignleft size-thumbnail wp-image-151\" srcset=\"https:\/\/nestwaerme.li\/wp-content\/uploads\/2013\/06\/Natibaby_Logo-150x150.jpg 150w, https:\/\/nestwaerme.li\/wp-content\/uploads\/2013\/06\/Natibaby_Logo-140x140.jpg 140w, https:\/\/nestwaerme.li\/wp-content\/uploads\/2013\/06\/Natibaby_Logo.jpg 283w\" sizes=\"(max-width: 150px) 100vw, 150px\" \/><\/a><\/td><td class=\"column-2\">Natibaby ist eine polnische Tragetuchmarke, die regelm\u00e4ssig neue Modelle und Muster lanciert. Die T\u00fccher sind, wenn man fr\u00fch genug davon erf\u00e4hrt, gut zu bekommen und stehen in einem guten Preis-Leistungs-Verh\u00e4ltnis.<\/td><td class=\"column-3\"><a href=\"https:\/\/nestwaerme.li\/wp-content\/uploads\/2013\/06\/Natibaby_TF.jpg\"><img loading=\"lazy\" decoding=\"async\" src=\"https:\/\/nestwaerme.li\/wp-content\/uploads\/2013\/06\/Natibaby_TF-99x150.jpg\" alt=\"\" width=\"99\" height=\"150\" class=\"alignleft size-thumbnail wp-image-152\" srcset=\"https:\/\/nestwaerme.li\/wp-content\/uploads\/2013\/06\/Natibaby_TF-99x150.jpg 99w, https:\/\/nestwaerme.li\/wp-content\/uploads\/2013\/06\/Natibaby_TF-199x300.jpg 199w, https:\/\/nestwaerme.li\/wp-content\/uploads\/2013\/06\/Natibaby_TF.jpg 533w\" sizes=\"(max-width: 99px) 100vw, 99px\" \/><\/a><\/td>\n<\/tr>\n<tr class=\"row-10\">\n\t<td class=\"column-1\"><a href=\"http:\/\/www.storchenwiege.de\/\" rel=\"nofollow noopener\" target=\"_blank\"><img loading=\"lazy\" decoding=\"async\" src=\"https:\/\/nestwaerme.li\/wp-content\/uploads\/2013\/07\/Storchenwiege_Logo-150x109.jpg\" alt=\"\" width=\"150\" height=\"109\" class=\"alignleft size-thumbnail wp-image-293\" srcset=\"https:\/\/nestwaerme.li\/wp-content\/uploads\/2013\/07\/Storchenwiege_Logo-150x109.jpg 150w, https:\/\/nestwaerme.li\/wp-content\/uploads\/2013\/07\/Storchenwiege_Logo-300x219.jpg 300w, https:\/\/nestwaerme.li\/wp-content\/uploads\/2013\/07\/Storchenwiege_Logo-1024x749.jpg 1024w, https:\/\/nestwaerme.li\/wp-content\/uploads\/2013\/07\/Storchenwiege_Logo.jpg 1553w\" sizes=\"(max-width: 150px) 100vw, 150px\" \/><\/a><\/td><td class=\"column-2\"><a href=\"https:\/\/nestwaerme.li\/en\/storchenwiege\/\" rel=\"noopener noreferrer\" target=\"_blank\">Storchenwiege <\/a> ist ein deutscher Hersteller von Tragehilfen und -t\u00fcchern und Ringslings.<\/td><td class=\"column-3\"><a href=\"https:\/\/nestwaerme.li\/wp-content\/uploads\/2013\/07\/Storchenwiege_TF.jpg\"><img loading=\"lazy\" decoding=\"async\" src=\"https:\/\/nestwaerme.li\/wp-content\/uploads\/2013\/07\/Storchenwiege_TF-99x150.jpg\" alt=\"\" width=\"99\" height=\"150\" class=\"alignleft size-thumbnail wp-image-294\" srcset=\"https:\/\/nestwaerme.li\/wp-content\/uploads\/2013\/07\/Storchenwiege_TF-99x150.jpg 99w, https:\/\/nestwaerme.li\/wp-content\/uploads\/2013\/07\/Storchenwiege_TF-199x300.jpg 199w, https:\/\/nestwaerme.li\/wp-content\/uploads\/2013\/07\/Storchenwiege_TF-682x1024.jpg 682w, https:\/\/nestwaerme.li\/wp-content\/uploads\/2013\/07\/Storchenwiege_TF.jpg 2048w\" sizes=\"(max-width: 99px) 100vw, 99px\" \/><\/a><\/td>\n<\/tr>\n<tr class=\"row-11\">\n\t<td class=\"column-1\"><a href=\"http:\/\/www.oschaslings.com\/\" rel=\"nofollow noopener\" target=\"_blank\"><img loading=\"lazy\" decoding=\"async\" src=\"https:\/\/nestwaerme.li\/wp-content\/uploads\/2013\/06\/Oscha_Logo-150x150.jpg\" alt=\"\" width=\"150\" height=\"150\" class=\"alignleft size-thumbnail wp-image-153\" srcset=\"https:\/\/nestwaerme.li\/wp-content\/uploads\/2013\/06\/Oscha_Logo-150x150.jpg 150w, https:\/\/nestwaerme.li\/wp-content\/uploads\/2013\/06\/Oscha_Logo-300x300.jpg 300w, https:\/\/nestwaerme.li\/wp-content\/uploads\/2013\/06\/Oscha_Logo-140x140.jpg 140w, https:\/\/nestwaerme.li\/wp-content\/uploads\/2013\/06\/Oscha_Logo.jpg 960w\" sizes=\"(max-width: 150px) 100vw, 150px\" \/><\/a><\/td><td class=\"column-2\">Oscha war seit jeher meine Lieblingsfirma. Die T\u00fccher aus Schottland sind eher teuer, die Motive umwerfend und in kleinen Auflagen. Ein Muss f\u00fcr \"ATTAs\".<\/td><td class=\"column-3\"><a href=\"https:\/\/nestwaerme.li\/wp-content\/uploads\/2013\/06\/Oscha_TF.jpg\"><img loading=\"lazy\" decoding=\"async\" src=\"https:\/\/nestwaerme.li\/wp-content\/uploads\/2013\/06\/Oscha_TF-150x107.jpg\" alt=\"\" width=\"150\" height=\"107\" class=\"alignleft size-thumbnail wp-image-154\" srcset=\"https:\/\/nestwaerme.li\/wp-content\/uploads\/2013\/06\/Oscha_TF-150x107.jpg 150w, https:\/\/nestwaerme.li\/wp-content\/uploads\/2013\/06\/Oscha_TF-300x214.jpg 300w, https:\/\/nestwaerme.li\/wp-content\/uploads\/2013\/06\/Oscha_TF.jpg 960w\" sizes=\"(max-width: 150px) 100vw, 150px\" \/><\/a><\/td>\n<\/tr>\n<\/tbody>\n<\/table>\n<!-- #tablepress-1 from cache -->\n<h3><strong>Stretchy wraps<\/strong><\/h3>\n<p>The\u00a0<em>Moby Wrap<\/em> is one of the most famous stretchy wraps but there are more&#8230;<\/p>\n\n<table id=\"tablepress-3\" class=\"tablepress tablepress-id-3\">\n<tbody class=\"row-striping row-hover\">\n<tr class=\"row-1\">\n\t<td class=\"column-1\"><a href=\"http:\/\/www.bykay.com\/de\/\" rel=\"nofollow noopener\" target=\"_blank\"><img loading=\"lazy\" decoding=\"async\" src=\"https:\/\/nestwaerme.li\/wp-content\/uploads\/2013\/07\/ByKay_Logo.gif\" alt=\"\" width=\"120\" height=\"46\" class=\"alignleft size-full wp-image-295\" \/><\/a><\/td><td class=\"column-2\">ByKay macht elastische Traget\u00fccher und Zubeh\u00f6r (z.B. passende M\u00fctzchen) f\u00fcr modische Eltern.<\/td><td class=\"column-3\"><a href=\"https:\/\/nestwaerme.li\/wp-content\/uploads\/2013\/07\/bykay_TF.jpg\"><img loading=\"lazy\" decoding=\"async\" src=\"https:\/\/nestwaerme.li\/wp-content\/uploads\/2013\/07\/bykay_TF-103x150.jpg\" alt=\"\" width=\"103\" height=\"150\" class=\"alignleft size-thumbnail wp-image-296\" srcset=\"https:\/\/nestwaerme.li\/wp-content\/uploads\/2013\/07\/bykay_TF-103x150.jpg 103w, https:\/\/nestwaerme.li\/wp-content\/uploads\/2013\/07\/bykay_TF.jpg 187w\" sizes=\"(max-width: 103px) 100vw, 103px\" \/><\/a><\/td>\n<\/tr>\n<tr class=\"row-2\">\n\t<td class=\"column-1\"><a href=\"http:\/\/jeportemonbebe.com\/\" rel=\"nofollow noopener\" target=\"_blank\"><img loading=\"lazy\" decoding=\"async\" src=\"https:\/\/nestwaerme.li\/wp-content\/uploads\/2013\/07\/JPMBB_Logo-150x32.jpg\" alt=\"\" width=\"150\" height=\"32\" class=\"alignleft size-thumbnail wp-image-290\" srcset=\"https:\/\/nestwaerme.li\/wp-content\/uploads\/2013\/07\/JPMBB_Logo-150x32.jpg 150w, https:\/\/nestwaerme.li\/wp-content\/uploads\/2013\/07\/JPMBB_Logo-300x65.jpg 300w, https:\/\/nestwaerme.li\/wp-content\/uploads\/2013\/07\/JPMBB_Logo.jpg 791w\" sizes=\"(max-width: 150px) 100vw, 150px\" \/><\/a><\/td><td class=\"column-2\">Love Radius (fr\u00fcher JPMBB - Je porte mon b\u00e9b\u00e9) ist ein sehr bekannter franz\u00f6sischer Hersteller elastischer T\u00fccher. Diese T\u00fccher haben aber eine h\u00f6here Stoffdichte als normale, elastische T\u00fccher, was dazu f\u00fchrt, dass der Stoff weniger ausleiert - das Beste aus zwei Welten sozusagen...<\/td><td class=\"column-3\"><a href=\"https:\/\/nestwaerme.li\/wp-content\/uploads\/2013\/07\/JPMBB_TF.jpg\"><img loading=\"lazy\" decoding=\"async\" src=\"https:\/\/nestwaerme.li\/wp-content\/uploads\/2013\/07\/JPMBB_TF-150x99.jpg\" alt=\"\" width=\"150\" height=\"99\" class=\"alignleft size-thumbnail wp-image-291\" srcset=\"https:\/\/nestwaerme.li\/wp-content\/uploads\/2013\/07\/JPMBB_TF-150x99.jpg 150w, https:\/\/nestwaerme.li\/wp-content\/uploads\/2013\/07\/JPMBB_TF-300x199.jpg 300w, https:\/\/nestwaerme.li\/wp-content\/uploads\/2013\/07\/JPMBB_TF-1024x682.jpg 1024w, https:\/\/nestwaerme.li\/wp-content\/uploads\/2013\/07\/JPMBB_TF-460x300.jpg 460w, https:\/\/nestwaerme.li\/wp-content\/uploads\/2013\/07\/JPMBB_TF.jpg 1280w\" sizes=\"(max-width: 150px) 100vw, 150px\" \/><\/a><\/td>\n<\/tr>\n<tr class=\"row-3\">\n\t<td class=\"column-1\"><img loading=\"lazy\" decoding=\"async\" src=\"https:\/\/nestwaerme.li\/wp-content\/uploads\/2018\/03\/logo-mam-eco-150x58.png\" alt=\"Logo Mamidea\" width=\"150\" height=\"58\" class=\"alignleft size-thumbnail wp-image-3386\" srcset=\"https:\/\/nestwaerme.li\/wp-content\/uploads\/2018\/03\/logo-mam-eco-150x58.png 150w, https:\/\/nestwaerme.li\/wp-content\/uploads\/2018\/03\/logo-mam-eco.png 245w\" sizes=\"(max-width: 150px) 100vw, 150px\" \/><\/td><td class=\"column-2\"><a href=\"https:\/\/nestwaerme.li\/en\/mam-eco-babywearing-set\/\" rel=\"noopener noreferrer\" target=\"_blank\">Babyidea Mam Design<\/a> macht u.a. das Mam Eco Tragetuch mit Hanf, das die Vorteile eines elastischen mit denen eines festen Tragetuchs verbindet. <\/td><td class=\"column-3\"><a href=\"https:\/\/nestwaerme.li\/en\/mam-eco-babywearing-set\/\"><img loading=\"lazy\" decoding=\"async\" src=\"https:\/\/nestwaerme.li\/wp-content\/uploads\/2017\/12\/Babyidea-1-128x150.jpg\" alt=\"Babywearing mom in the kitchen \/ Tragemama in der K\u00fcche\" width=\"128\" height=\"150\" class=\"aligncenter size-thumbnail wp-image-2931\" srcset=\"https:\/\/nestwaerme.li\/wp-content\/uploads\/2017\/12\/Babyidea-1-128x150.jpg 128w, https:\/\/nestwaerme.li\/wp-content\/uploads\/2017\/12\/Babyidea-1-255x300.jpg 255w, https:\/\/nestwaerme.li\/wp-content\/uploads\/2017\/12\/Babyidea-1-768x902.jpg 768w, https:\/\/nestwaerme.li\/wp-content\/uploads\/2017\/12\/Babyidea-1-872x1024.jpg 872w, https:\/\/nestwaerme.li\/wp-content\/uploads\/2017\/12\/Babyidea-1.jpg 2048w\" sizes=\"(max-width: 128px) 100vw, 128px\" \/><\/a><\/td>\n<\/tr>\n<\/tbody>\n<\/table>\n<!-- #tablepress-3 from cache -->\n<p>These lists aren&#8217;t complete. There are far more brands worldwide. Who&#8217;s interest in buying a very special wrap of one of the mentioned brands, can contact me of course.<br \/>\nFurther famous (<em>machine woven<\/em>) brands are found in the <a href=\"https:\/\/nestwaerme.li\/en\/machine-woven\/\" target=\"_blank\" rel=\"noopener\">review section<\/a>.<\/p>\n<h3><strong>Handwoven baby wraps<\/strong><\/h3>\n<p>These wraps are produced in a sumptious process and are usually more expensive than machine wovens. Have a look at the <a href=\"https:\/\/nestwaerme.li\/handwoven\/\" target=\"_blank\" rel=\"noopener\">Review<\/a>-section to find out more about those wraps and well-known weavers.<\/p>\n<h3>Disclaimer<\/h3>\n<p><em>I do not assume liability of tester wraps and other products. Testers usually don&#8217;t stay longer than a few days and can&#8217;t be tested for more than a few hours. They are usually not washed nor ironed by the testing person. Only the wraps I privately own and have used for a long time, washed several times, can be assumed as recommendable (those are the wraps that are not written &#8220;tester&#8221; in the title of the review).<\/em><\/p>\n<p><em>To be able to recommend a wrap thoroughly, it is essential to use it long-term and wash it once or more times. One cannot prove the continous quality of a baby wrap due to such a short testing period. My reviews are based on my own personal experiences I made with the wrap\/carrier etc. and are not influenced. Thanks for understanding!\u00a0<\/em><\/p>\n","protected":false},"excerpt":{"rendered":"<p>There are\u00a0machine woven\u00a0baby wraps, handwovens as well as\u00a0stretchy baby wraps. Each brand has its specialities and due to different blends also baby wraps from &hellip; <a href=\"https:\/\/nestwaerme.li\/en\/baby-wraps-overview\/\" class=\"readmore\">More <span class=\"screen-reader-text\">baby wraps overview<\/span> &raquo;<\/a><\/p>\n","protected":false},"author":2,"featured_media":6896,"parent":0,"menu_order":0,"comment_status":"closed","ping_status":"closed","template":"","meta":{"footnotes":""},"class_list":["post-4272","page","type-page","status-publish","has-post-thumbnail","hentry"],"_links":{"self":[{"href":"https:\/\/nestwaerme.li\/en\/wp-json\/wp\/v2\/pages\/4272","targetHints":{"allow":["GET"]}}],"collection":[{"href":"https:\/\/nestwaerme.li\/en\/wp-json\/wp\/v2\/pages"}],"about":[{"href":"https:\/\/nestwaerme.li\/en\/wp-json\/wp\/v2\/types\/page"}],"author":[{"embeddable":true,"href":"https:\/\/nestwaerme.li\/en\/wp-json\/wp\/v2\/users\/2"}],"replies":[{"embeddable":true,"href":"https:\/\/nestwaerme.li\/en\/wp-json\/wp\/v2\/comments?post=4272"}],"version-history":[{"count":2,"href":"https:\/\/nestwaerme.li\/en\/wp-json\/wp\/v2\/pages\/4272\/revisions"}],"predecessor-version":[{"id":8973,"href":"https:\/\/nestwaerme.li\/en\/wp-json\/wp\/v2\/pages\/4272\/revisions\/8973"}],"wp:featuredmedia":[{"embeddable":true,"href":"https:\/\/nestwaerme.li\/en\/wp-json\/wp\/v2\/media\/6896"}],"wp:attachment":[{"href":"https:\/\/nestwaerme.li\/en\/wp-json\/wp\/v2\/media?parent=4272"}],"curies":[{"name":"wp","href":"https:\/\/api.w.org\/{rel}","templated":true}]}}